{"id":13510,"date":"2014-02-03T13:16:52","date_gmt":"2014-02-03T13:16:52","guid":{"rendered":"http:\/\/demo.qodeinteractive.com\/strata\/?page_id=9589"},"modified":"2023-03-01T16:40:56","modified_gmt":"2023-03-01T16:40:56","slug":"juradas","status":"publish","type":"page","link":"https:\/\/metanoiaeditora.com\/riodecores\/juradas\/","title":{"rendered":"Jurades"},"content":{"rendered":"<div class=\"wpb-content-wrapper\"><p>[vc_row][vc_column width=&#8221;1\/4&#8243;][vc_column_text]<a href=\"http:\/\/metanoiaeditora.com\/riodecores\/wp-content\/uploads\/2023\/02\/amiel.jpg\"><img loading=\"lazy\" decoding=\"async\" class=\"alignnone size-full wp-image-15603\" src=\"http:\/\/metanoiaeditora.com\/riodecores\/wp-content\/uploads\/2023\/02\/amiel.jpg\" alt=\"\" width=\"1116\" height=\"861\" srcset=\"https:\/\/metanoiaeditora.com\/riodecores\/wp-content\/uploads\/2023\/02\/amiel.jpg 1116w, https:\/\/metanoiaeditora.com\/riodecores\/wp-content\/uploads\/2023\/02\/amiel-300x231.jpg 300w, https:\/\/metanoiaeditora.com\/riodecores\/wp-content\/uploads\/2023\/02\/amiel-1024x790.jpg 1024w, https:\/\/metanoiaeditora.com\/riodecores\/wp-content\/uploads\/2023\/02\/amiel-768x593.jpg 768w\" sizes=\"auto, (max-width: 1116px) 100vw, 1116px\" \/><\/a>[\/vc_column_text][vc_column_text]<\/p>\n<h4 style=\"text-align: justify;\">Amiel Modesto Vieira<\/h4>\n<p>[\/vc_column_text][vc_column_text]Transmasculine, Intersexo, co-fundador da Abrai, doutorando em Bio\u00e9tica pela UFRJ, pesquisador e consultor de g\u00eanero e Sexualidade.[\/vc_column_text][\/vc_column][vc_column width=&#8221;1\/4&#8243;][vc_column_text]<a href=\"http:\/\/metanoiaeditora.com\/riodecores\/wp-content\/uploads\/2023\/03\/camila_foto.jpg\"><img loading=\"lazy\" decoding=\"async\" class=\"alignnone wp-image-15611 size-full\" src=\"http:\/\/metanoiaeditora.com\/riodecores\/wp-content\/uploads\/2023\/03\/camila_foto.jpg\" alt=\"\" width=\"1116\" height=\"861\" srcset=\"https:\/\/metanoiaeditora.com\/riodecores\/wp-content\/uploads\/2023\/03\/camila_foto.jpg 1116w, https:\/\/metanoiaeditora.com\/riodecores\/wp-content\/uploads\/2023\/03\/camila_foto-300x231.jpg 300w, https:\/\/metanoiaeditora.com\/riodecores\/wp-content\/uploads\/2023\/03\/camila_foto-1024x790.jpg 1024w, https:\/\/metanoiaeditora.com\/riodecores\/wp-content\/uploads\/2023\/03\/camila_foto-768x593.jpg 768w\" sizes=\"auto, (max-width: 1116px) 100vw, 1116px\" \/><\/a>[\/vc_column_text][vc_column_text]<\/p>\n<h4 class=\"q_team_name\">Camila Marins<\/h4>\n<p>[\/vc_column_text][vc_column_text]<\/p>\n<p style=\"text-align: justify;\">Camila Marins \u00e9 jornalista, editora da Revista Brejeiras e mestranda em pol\u00edticas p\u00fablicas em direitos humanos pela UFRJ<\/p>\n<p>[\/vc_column_text][\/vc_column][vc_column width=&#8221;1\/4&#8243;][vc_column_text]<a href=\"http:\/\/metanoiaeditora.com\/riodecores\/wp-content\/uploads\/2023\/02\/Jaqueline-gomes_-.jpg\"><img loading=\"lazy\" decoding=\"async\" class=\"alignnone size-full wp-image-15602\" src=\"http:\/\/metanoiaeditora.com\/riodecores\/wp-content\/uploads\/2023\/02\/Jaqueline-gomes_-.jpg\" alt=\"\" width=\"1116\" height=\"861\" srcset=\"https:\/\/metanoiaeditora.com\/riodecores\/wp-content\/uploads\/2023\/02\/Jaqueline-gomes_-.jpg 1116w, https:\/\/metanoiaeditora.com\/riodecores\/wp-content\/uploads\/2023\/02\/Jaqueline-gomes_--300x231.jpg 300w, https:\/\/metanoiaeditora.com\/riodecores\/wp-content\/uploads\/2023\/02\/Jaqueline-gomes_--1024x790.jpg 1024w, https:\/\/metanoiaeditora.com\/riodecores\/wp-content\/uploads\/2023\/02\/Jaqueline-gomes_--768x593.jpg 768w\" sizes=\"auto, (max-width: 1116px) 100vw, 1116px\" \/><\/a>[\/vc_column_text][vc_column_text]<\/p>\n<h4 class=\"q_team_name\">Jaqueline Gomes de Jesus<\/h4>\n<p>[\/vc_column_text][vc_column_text]<\/p>\n<p style=\"text-align: justify;\">Professora de Psicologia do Instituto Federal do Rio de Janeiro (IFRJ) e da Escola Nacional de Sa\u00fade P\u00fablica S\u00e9rgio Arouca (ENSP\/Fiocruz).<br \/>\nDocente Permanente dos Programas de P\u00f3s-gradua\u00e7\u00e3o stricto sensu em Ensino de Hist\u00f3ria da Universidade Federal Rural do Rio de Janeiro (ProfHist\u00f3ria\/UFRRJ) e Interinstitucional em Bio\u00e9tica, \u00c9tica Aplicada e Sa\u00fade Coletiva (PPGBIOS-UFRJ\/UFF\/UERJ\/FIOCRUZ). Doutora em Psicologia Social do Trabalho e das Organiza\u00e7\u00f5es pela Universidade de Bras\u00edlia (UnB), com p\u00f3s-doutorado pela Escola Superior de Ci\u00eancias Sociais e Hist\u00f3ria da Funda\u00e7\u00e3o Get\u00falio Vargas (CPDOC\/FGV). Pesquisadora-L\u00edder do ODARA &#8211; Grupo Interdisciplinar de Pesquisa em Cultura, Identidade e Diversidade (CNPq).<br \/>\nFoi Pesquisadora Visitante da Duke University (EUA), com a qual desenvolve pesquisa sobre sa\u00fade mental de minorias sexuais e de g\u00eanero em seis pa\u00edses.<br \/>\nPrimeira gestora do Sistema de Cotas para Negras e Negros da UnB (2004-2008). Atuou no Minist\u00e9rio do Planejamento (2008-2010) para formula\u00e7\u00e3o da pol\u00edtica nacional de aten\u00e7\u00e3o \u00e0 sa\u00fade dos servidores p\u00fablicos federais. Foi Conselheira do Conselho Regional de Psicologia do Distrito Federal (gest\u00e3o 2013-2016).<br \/>\n\u00c9 integrante da Comiss\u00e3o de Direitos Humanos do Conselho Federal de Psicologia (CDH\/CFP).<br \/>\nPresidenta da ABETH &#8211; Associa\u00e7\u00e3o Brasileira de Estudos da Trans-Homocultura (gest\u00e3o 2021-2023).<br \/>\nAutora de centenas de publica\u00e7\u00f5es, entre elas os livros &#8220;Transfeminismo: Teorias e Pr\u00e1ticas&#8220;, &#8220;Homofobia: Identificar e Prevenir&#8220; e &#8220;Eu n\u00e3o sou uma Mulher? E outros discursos de Sojourner Truth&#8220;. Foi homenageada em 2017 com a Medalha Chiquinha Gonzaga, da C\u00e2mara Municipal, por indica\u00e7\u00e3o da Vereadora Marielle Franco.<\/p>\n<p>[\/vc_column_text][\/vc_column][vc_column width=&#8221;1\/4&#8243;][vc_column_text]<a href=\"http:\/\/metanoiaeditora.com\/riodecores\/wp-content\/uploads\/2023\/02\/leo.jpg\"><img loading=\"lazy\" decoding=\"async\" class=\"alignnone size-full wp-image-15606\" src=\"http:\/\/metanoiaeditora.com\/riodecores\/wp-content\/uploads\/2023\/02\/leo.jpg\" alt=\"\" width=\"1116\" height=\"861\" srcset=\"https:\/\/metanoiaeditora.com\/riodecores\/wp-content\/uploads\/2023\/02\/leo.jpg 1116w, https:\/\/metanoiaeditora.com\/riodecores\/wp-content\/uploads\/2023\/02\/leo-300x231.jpg 300w, https:\/\/metanoiaeditora.com\/riodecores\/wp-content\/uploads\/2023\/02\/leo-1024x790.jpg 1024w, https:\/\/metanoiaeditora.com\/riodecores\/wp-content\/uploads\/2023\/02\/leo-768x593.jpg 768w\" sizes=\"auto, (max-width: 1116px) 100vw, 1116px\" \/><\/a>[\/vc_column_text][vc_column_text]<\/p>\n<h4><strong>L\u00e9o Rossetti<\/strong><\/h4>\n<p>[\/vc_column_text][vc_column_text]<\/p>\n<p style=\"text-align: justify;\">L\u00e9o Rossetti \u00e9 historiador, professor e ator. Mestre em Ensino de Hist\u00f3ria pela Universidade do Estado do Rio de Janeiro e doutorando pelo Programa de P\u00f3s-gradua\u00e7\u00e3o em Hist\u00f3ria Social na mesma institui\u00e7\u00e3o. Amante das palavras, tamb\u00e9m \u00e9 poeta e contista. Entre suas obras, destaca-se a colet\u00e2nea &#8220;Cores de um poeta inverso&#8221; (Metanoia, 2012).<\/p>\n<p>[\/vc_column_text][\/vc_column][\/vc_row][vc_row][vc_column][vc_separator type=&#8221;transparent&#8221;][vc_separator type=&#8221;transparent&#8221;][\/vc_column][\/vc_row][vc_row][vc_column][vc_column_text]<img loading=\"lazy\" decoding=\"async\" class=\"size-full wp-image-14962 aligncenter\" src=\"http:\/\/metanoiaeditora.com\/riodecores\/wp-content\/uploads\/2022\/03\/barra-logos.jpg\" alt=\"\" width=\"1181\" height=\"168\" srcset=\"https:\/\/metanoiaeditora.com\/riodecores\/wp-content\/uploads\/2022\/03\/barra-logos.jpg 1181w, https:\/\/metanoiaeditora.com\/riodecores\/wp-content\/uploads\/2022\/03\/barra-logos-300x43.jpg 300w, https:\/\/metanoiaeditora.com\/riodecores\/wp-content\/uploads\/2022\/03\/barra-logos-1024x146.jpg 1024w, https:\/\/metanoiaeditora.com\/riodecores\/wp-content\/uploads\/2022\/03\/barra-logos-768x109.jpg 768w\" sizes=\"auto, (max-width: 1181px) 100vw, 1181px\" \/>[\/vc_column_text][\/vc_column][\/vc_row][vc_row][vc_column][vc_column_text]I am text block. Click edit button to change this text. Lorem ipsum dolor sit amet, consectetur adipiscing elit. Ut elit tellus, luctus nec ullamcorper mattis, pulvinar dapibus leo.[\/vc_column_text][\/vc_column][\/vc_row]<\/p>\n<\/div>","protected":false},"excerpt":{"rendered":"<p>[vc_row][vc_column width=&#8221;1\/4&#8243;][vc_column_text][\/vc_column_text][vc_column_text] Amiel Modesto Vieira [\/vc_column_text][vc_column_text]Transmasculine, Intersexo, co-fundador da Abrai, doutorando em Bio\u00e9tica pela UFRJ, pesquisador e consultor de g\u00eanero e Sexualidade.[\/vc_column_text][\/vc_column][vc_column width=&#8221;1\/4&#8243;][vc_column_text][\/vc_column_text][vc_column_text] Camila Marins [\/vc_column_text][vc_column_text] Camila Marins \u00e9 jornalista, editora da Revista Brejeiras e mestranda em pol\u00edticas p\u00fablicas em direitos humanos pela UFRJ [\/vc_column_text][\/vc_column][vc_column&#8230;<\/p>\n","protected":false},"author":1,"featured_media":0,"parent":0,"menu_order":0,"comment_status":"closed","ping_status":"closed","template":"","meta":{"footnotes":""},"class_list":["post-13510","page","type-page","status-publish","hentry"],"_links":{"self":[{"href":"https:\/\/metanoiaeditora.com\/riodecores\/wp-json\/wp\/v2\/pages\/13510","targetHints":{"allow":["GET"]}}],"collection":[{"href":"https:\/\/metanoiaeditora.com\/riodecores\/wp-json\/wp\/v2\/pages"}],"about":[{"href":"https:\/\/metanoiaeditora.com\/riodecores\/wp-json\/wp\/v2\/types\/page"}],"author":[{"embeddable":true,"href":"https:\/\/metanoiaeditora.com\/riodecores\/wp-json\/wp\/v2\/users\/1"}],"replies":[{"embeddable":true,"href":"https:\/\/metanoiaeditora.com\/riodecores\/wp-json\/wp\/v2\/comments?post=13510"}],"version-history":[{"count":35,"href":"https:\/\/metanoiaeditora.com\/riodecores\/wp-json\/wp\/v2\/pages\/13510\/revisions"}],"predecessor-version":[{"id":15612,"href":"https:\/\/metanoiaeditora.com\/riodecores\/wp-json\/wp\/v2\/pages\/13510\/revisions\/15612"}],"wp:attachment":[{"href":"https:\/\/metanoiaeditora.com\/riodecores\/wp-json\/wp\/v2\/media?parent=13510"}],"curies":[{"name":"wp","href":"https:\/\/api.w.org\/{rel}","templated":true}]}}